{"id":2399,"date":"2026-02-22T18:54:04","date_gmt":"2026-02-22T17:54:04","guid":{"rendered":"https:\/\/marcostejedor.com\/?page_id=2399"},"modified":"2026-02-25T01:52:29","modified_gmt":"2026-02-25T00:52:29","slug":"aviso-legal-marcos-tejedor","status":"publish","type":"page","link":"https:\/\/marcostejedor.com\/en\/aviso-legal-marcos-tejedor\/","title":{"rendered":"Aviso Legal Marcos Tejedor"},"content":{"rendered":"<div data-elementor-type=\"wp-page\" data-elementor-id=\"2399\" class=\"elementor elementor-2399\" data-elementor-post-type=\"page\">\n\t\t\t\t<div class=\"elementor-element elementor-element-46bfe07 e-flex e-con-boxed e-con e-parent\" data-id=\"46bfe07\" data-element_type=\"container\" data-e-type=\"container\" data-settings=\"{&quot;background_background&quot;:&quot;classic&quot;}\">\n\t\t\t\t\t<div class=\"e-con-inner\">\n\t\t\t\t<div class=\"elementor-element elementor-element-14e4a5b7 elementor-widget elementor-widget-text-editor\" data-id=\"14e4a5b7\" data-element_type=\"widget\" data-e-type=\"widget\" data-widget_type=\"text-editor.default\">\n\t\t\t\t\t\t\t\t\t<h2 class=\"wp-block-heading\"><b><span style=\"color: #ffffff;\">&nbsp;<\/span><\/b><\/h2>\n<h2 class=\"wp-block-heading\"><b><span style=\"color: #ffffff;\">AVISO LEGAL<\/span>&nbsp;<\/b><\/h2>\n<div><b>&nbsp;<\/b><\/div>\n<p><!-- \/wp:heading --><!-- wp:heading --><\/p>\n<h2 class=\"wp-block-heading\">Objeto&nbsp;<\/h2>\n<p><!-- \/wp:heading --><!-- wp:paragraph --><\/p>\n<p>El presente aviso legal regula el uso y utilizaci\u00f3n del sitio web <span style=\"color: #ff00ff;\"><a href=\"https:\/\/marcostejedor.com\/en\/\" rel=\"nofollow\">http:\/\/www.marcostejedor.com<\/a><\/span>, del que es titular Marcos Tejedor Nistal (en adelante, EL PROPIETARIO DE LA WEB).<\/p>\n<p>La navegaci\u00f3n por el sitio web de EL PROPIETARIO DE LA WEB le atribuye la condici\u00f3n de USUARIO del mismo y conlleva su aceptaci\u00f3n plena y sin reservas de todas y cada una de las condiciones publicadas en este aviso legal, advirtiendo de que dichas condiciones podr\u00e1n ser modificadas sin notificaci\u00f3n previa por parte de EL PROPIETARIO DE LA WEB, en cuyo caso se proceder\u00e1 a su publicaci\u00f3n y aviso con la m\u00e1xima antelaci\u00f3n posible.<\/p>\n<p>Por ello es recomendable leer atentamente su contenido en caso de desear acceder y hacer uso de la informaci\u00f3n y de los servicios ofrecidos desde este sitio web.<\/p>\n<p>El usuario, adem\u00e1s, se obliga a hacer un uso correcto del sitio web de conformidad con las leyes, la buena fe, el orden p\u00fablico, los usos del tr\u00e1fico y el presente Aviso Legal, y responder\u00e1 frente a EL PROPIETARIO DE LA WEB o frente a terceros, de cualesquiera da\u00f1os y perjuicios que pudieran causarse como consecuencia del incumplimiento de dicha obligaci\u00f3n.<\/p>\n<p><!-- \/wp:paragraph --><!-- wp:paragraph --><\/p>\n<p>Cualquier utilizaci\u00f3n distinta a la autorizada est\u00e1 expresamente prohibida, pudiendo EL PROPIETARIO DE LA WEB denegar o retirar el acceso y su uso en cualquier momento.<\/p>\n<p><!-- \/wp:paragraph --><!-- wp:heading --><\/p>\n<h2 class=\"wp-block-heading\">Identificaci\u00f3n<\/h2>\n<p><!-- \/wp:heading --><!-- wp:paragraph --><\/p>\n<p>EL PROPIETARIO DE LA WEB, en cumplimiento de la Ley 34\/2002, de 11 de julio, de Servicios de la Sociedad de la Informaci\u00f3n y de Comercio Electr\u00f3nico, le informa de que:<br>\u2022 Su nombre es: Marcos Tejedor Nistal.<br>\u2022 Su DNI es: 71431444E<\/p>\n<p><!-- \/wp:paragraph --><!-- wp:heading --><\/p>\n<h2 class=\"wp-block-heading\">Comunicaciones&nbsp;<\/h2>\n<p><!-- \/wp:heading --><!-- wp:paragraph --><\/p>\n<p>Para comunicarse con nosotros, ponemos a su disposici\u00f3n la direcci\u00f3n de correo electr\u00f3nico que detallamos a continuaci\u00f3n:<br>\u2022 Email: marcostejdor@gmail.com<\/p>\n<p>Todas las notificaciones y comunicaciones entre los usuarios y PROPIETARIO DE LA WEB se considerar\u00e1n eficaces, a todos los efectos, cuando se realicen a trav\u00e9s del medio anteriormente citado.<\/p>\n<p><!-- \/wp:paragraph --><!-- wp:heading --><\/p>\n<h2 class=\"wp-block-heading\">Condiciones de acceso y utilizaci\u00f3n<\/h2>\n<p><!-- \/wp:heading --><!-- wp:paragraph --><\/p>\n<p>a) Difundir contenidos delictivos, violentos, pornogr\u00e1ficos, racistas, xen\u00f3fobos, ofensivos, de apolog\u00eda del terrorismo o, en general, contrarios a la ley o al orden p\u00fablico.<\/p>\n<p><!-- \/wp:paragraph --><!-- wp:paragraph --><\/p>\n<p>b) Introducir en la red virus inform\u00e1ticos o realizar actuaciones susceptibles de alterar, estropear, interrumpir o generar errores o da\u00f1os en los documentos electr\u00f3nicos, datos o sistemas f\u00edsicos y l\u00f3gicos de PROPIETARIO DE LA WEB o de terceras personas; as\u00ed como obstaculizar el acceso de otros usuarios al sitio web y a sus servicios mediante el consumo masivo de los recursos inform\u00e1ticos a trav\u00e9s de los cuales PROPIETARIO DE LA WEB presta sus servicios.<\/p>\n<p><!-- \/wp:paragraph --><!-- wp:paragraph --><\/p>\n<p>c) Intentar acceder a las cuentas de correo electr\u00f3nico de otros usuarios o a \u00e1reas restringidas de los sistemas inform\u00e1ticos de PROPIETARIO DE LA WEB o de terceros y, en su caso, extraer informaci\u00f3n.<\/p>\n<p><!-- \/wp:paragraph --><!-- wp:paragraph --><\/p>\n<p>d) Vulnerar los derechos de propiedad intelectual o industrial, as\u00ed como violar la confidencialidad de la informaci\u00f3n de PROPIETARIO DE LA WEB o de terceros.<\/p>\n<p><!-- \/wp:paragraph --><!-- wp:paragraph --><\/p>\n<p>e) Suplantar la identidad de cualquier otro usuario.<\/p>\n<p><!-- \/wp:paragraph --><!-- wp:paragraph --><\/p>\n<p>f) Reproducir, copiar, distribuir, poner a disposici\u00f3n de, o cualquier otra forma de comunicaci\u00f3n p\u00fablica, transformar o modificar los contenidos, a menos que se cuente con la autorizaci\u00f3n del titular de los correspondientes derechos o ello resulte legalmente permitido.<\/p>\n<p><!-- \/wp:paragraph --><!-- wp:paragraph --><\/p>\n<p>g) Recabar datos con finalidad publicitaria y de remitir publicidad de cualquier clase y comunicaciones con fines de venta u otras de naturaleza comercial sin que medie su previa solicitud o consentimiento.<\/p>\n<p><!-- \/wp:paragraph --><!-- wp:paragraph --><\/p>\n<p>Todos los contenidos del sitio web, como textos, fotograf\u00edas, gr\u00e1ficos, im\u00e1genes, iconos, tecnolog\u00eda, software, as\u00ed como su dise\u00f1o gr\u00e1fico y c\u00f3digos fuente, constituyen una obra cuya propiedad pertenece a PROPIETARIO DE LA WEB, sin que puedan entenderse cedidos al usuario ninguno de los derechos de explotaci\u00f3n sobre los mismos m\u00e1s all\u00e1 de lo estrictamente necesario para el correcto uso de la web.<br>En definitiva, los usuarios que accedan a este sitio web pueden visualizar los contenidos y efectuar, en su caso, copias privadas autorizadas siempre que los elementos reproducidos no sean cedidos posteriormente a terceros, ni se instalen a servidores conectados a redes, ni sean objeto de ning\u00fan tipo de explotaci\u00f3n.<\/p><p>Asimismo, todas las marcas, nombres comerciales o signos distintivos de cualquier clase que aparecen en el sitio web son propiedad de PROPIETARIO DE LA WEB, sin que pueda entenderse que el uso o acceso al mismo atribuya al usuario derecho alguno sobre los mismos.<\/p><p>La distribuci\u00f3n, modificaci\u00f3n, cesi\u00f3n o comunicaci\u00f3n p\u00fablica de los contenidos y cualquier otro acto que no haya sido expresamente autorizado por el titular de los derechos de explotaci\u00f3n quedan prohibidos.<\/p>\n<p><!-- \/wp:paragraph --><!-- wp:paragraph --><\/p>\n<p>El establecimiento de un hiperenlace no implica en ning\u00fan caso la existencia de relaciones entre PROPIETARIO DE LA WEB y el propietario del sitio web en la que se establezca, ni la aceptaci\u00f3n y aprobaci\u00f3n por parte de PROPIETARIO DE LA WEB de sus contenidos o servicios.<\/p><p>PROPIETARIO DE LA WEB no se responsabiliza del uso que cada usuario le d\u00e9 a los materiales puestos a disposici\u00f3n en este sitio web ni de las actuaciones que realice en base a los mismos.<\/p>\n<p><!-- \/wp:paragraph --><!-- wp:heading --><\/p>\n<h2 class=\"wp-block-heading\">Exclusi\u00f3n de garant\u00edas y de responsabilidad en el acceso y la utilizaci\u00f3n&nbsp;<\/h2>\n<p><!-- \/wp:heading --><!-- wp:paragraph --><\/p>\n<p>El contenido del presente sitio web es de car\u00e1cter general y tiene una finalidad meramente informativa, sin que se garantice plenamente el acceso a todos los contenidos, ni su exhaustividad, correcci\u00f3n, vigencia o actualidad, ni su idoneidad o utilidad para un objetivo espec\u00edfico.<\/p><p>PROPIETARIO DE LA WEB excluye, hasta donde permite el ordenamiento jur\u00eddico, cualquier responsabilidad por los da\u00f1os y perjuicios de toda naturaleza derivados de:<\/p>\n<p><!-- \/wp:paragraph --><!-- wp:paragraph --><\/p>\n<p>a) La imposibilidad de acceso al sitio web o la falta de veracidad, exactitud, exhaustividad y\/o actualidad de los contenidos, as\u00ed como la existencia de vicios y defectos de toda clase de los contenidos transmitidos, difundidos, almacenados, puestos a disposici\u00f3n, a los que se haya accedido a trav\u00e9s del sitio web o de los servicios que se ofrecen.<\/p>\n<p><!-- \/wp:paragraph --><!-- wp:paragraph --><\/p>\n<p>b) La presencia de virus o de otros elementos en los contenidos que puedan producir alteraciones en los sistemas inform\u00e1ticos, documentos electr\u00f3nicos o datos de los usuarios.<\/p>\n<p><!-- \/wp:paragraph --><!-- wp:paragraph --><\/p>\n<p>c) El incumplimiento de las leyes, la buena fe, el orden p\u00fablico, los usos del tr\u00e1fico y el presente aviso legal como consecuencia del uso incorrecto del sitio web. En particular, y a modo ejemplificativo, PROPIETARIO DE LA WEB no se hace responsable de las actuaciones de terceros que vulneren derechos de propiedad intelectual e industrial, secretos empresariales, derechos al honor, a la intimidad personal y familiar y a la propia imagen, as\u00ed como la normativa en materia de competencia desleal y publicidad il\u00edcita.<\/p>\n<p><!-- \/wp:paragraph --><!-- wp:paragraph --><\/p>\n<p>Asimismo, PROPIETARIO DE LA WEB declina cualquier responsabilidad respecto a la informaci\u00f3n que se halle fuera de esta web y no sea gestionada directamente por nuestro webmaster. La funci\u00f3n de los links que aparecen en esta web es exclusivamente la de informar al usuario sobre la existencia de otras fuentes susceptibles de ampliar los contenidos que ofrece este sitio web. PROPIETARIO DE LA WEB no garantiza ni se responsabiliza del funcionamiento o accesibilidad de los sitios enlazados; ni sugiere, invita o recomienda la visita a los mismos, por lo que tampoco ser\u00e1 responsable del resultado obtenido. PROPIETARIO DE LA WEB no se responsabiliza del establecimiento de hiperv\u00ednculos por parte de terceros.<\/p>\n<p><!-- \/wp:paragraph --><!-- wp:heading --><\/p>\n<h2 class=\"wp-block-heading\">Procedimiento en casi de realizaci\u00f3n de actividades de car\u00e1cter il\u00edcito<\/h2>\n<p><!-- \/wp:heading --><!-- wp:paragraph --><\/p>\n<p>En el caso de que cualquier usuario o un tercero considere que existen hechos o circunstancias que revelen el car\u00e1cter il\u00edcito de la utilizaci\u00f3n de cualquier contenido y\/o de la realizaci\u00f3n de cualquier actividad en las p\u00e1ginas web incluidas o accesibles a trav\u00e9s del sitio web, deber\u00e1 enviar una notificaci\u00f3n a PROPIETARIO DE LA WEB identific\u00e1ndose debidamente y especificando las supuestas infracciones.<\/p>\n<p><!-- \/wp:paragraph --><!-- wp:heading --><\/p>\n<h2 class=\"wp-block-heading\">Publicaciones&nbsp;<\/h2>\n<p><!-- \/wp:heading --><!-- wp:paragraph --><\/p>\n<p>La informaci\u00f3n administrativa facilitada a trav\u00e9s del sitio web no sustituye la publicidad legal de las leyes, normativas, planes, disposiciones generales y actos que tengan que ser publicados formalmente a los diarios oficiales de las administraciones p\u00fablicas, que constituyen el \u00fanico instrumento que da fe de su autenticidad y contenido. La informaci\u00f3n disponible en este sitio web debe entenderse como una gu\u00eda sin prop\u00f3sito de validez legal.<\/p>\n<p><!-- \/wp:paragraph --><!-- wp:heading --><\/p>\n<h2 class=\"wp-block-heading\">Legislaci\u00f3n aplicable&nbsp;<\/h2>\n<p><!-- \/wp:heading --><!-- wp:paragraph --><\/p>\n<p>Las condiciones presentes se regir\u00e1n por la legislaci\u00f3n espa\u00f1ola vigente.<br>La lengua utilizada ser\u00e1 el Castellano.<\/p>\n<p><\/p>\n<p><!-- \/wp:paragraph --><\/p>\t\t\t\t\t\t\t\t<\/div>\n\t\t\t\t\t<\/div>\n\t\t\t\t<\/div>\n\t\t\t\t<\/div>","protected":false},"excerpt":{"rendered":"<p>&nbsp; AVISO LEGAL&nbsp; &nbsp; Objeto&nbsp; El presente aviso legal regula el uso y utilizaci\u00f3n del sitio web <a href=\"http:\/\/www.marcostejedor.com\" rel=\"nofollow\">http:\/\/www.marcostejedor.com<\/a>, del que es titular Marcos Tejedor Nistal (en adelante, EL PROPIETARIO DE LA WEB). La navegaci\u00f3n por el sitio web de EL PROPIETARIO DE LA WEB le atribuye la condici\u00f3n de USUARIO del mismo y conlleva su [&hellip;]<\/p>\n","protected":false},"author":277266443,"featured_media":2394,"parent":0,"menu_order":0,"comment_status":"closed","ping_status":"closed","template":"","meta":{"_crdt_document":"","footnotes":""},"class_list":["post-2399","page","type-page","status-publish","has-post-thumbnail","hentry"],"jetpack_likes_enabled":true,"jetpack_sharing_enabled":true,"jetpack_shortlink":"https:\/\/wp.me\/Ph5FYD-CH","jetpack-related-posts":[{"id":2455,"url":"https:\/\/marcostejedor.com\/en\/condiciones-de-compra\/","url_meta":{"origin":2399,"position":0},"title":"Condiciones de compra","author":"marcostejedorartwork","date":"22 de February de 2026","format":false,"excerpt":"CONDICIONES DE COMPRA Todas las compras que se realicen a trav\u00e9s del portal natalideas.com (en adelante, la Web), propiedad de Marcos Tejedor (en adelante, MARCOSTEJEDOR), est\u00e1n sujetas a las condiciones generales recogidas en el aviso legal. Las Condiciones Generales prevalecen sobre las Condiciones de Compra On-line. Todos los productos y\u2026","rel":"","context":"Similar post","block_context":{"text":"Similar post","link":""},"img":{"alt_text":"","src":"https:\/\/i0.wp.com\/marcostejedor.com\/wp-content\/uploads\/2026\/02\/cropped-cropped-favicon512.png?fit=512%2C512&ssl=1&resize=350%2C200","width":350,"height":200},"classes":[]},{"id":2439,"url":"https:\/\/marcostejedor.com\/en\/politica-de-cookies\/","url_meta":{"origin":2399,"position":1},"title":"Pol\u00edtica de cookies","author":"marcostejedorartwork","date":"22 de February de 2026","format":false,"excerpt":"Esta web utiliza cookies propias y de terceros, que recogen informaci\u00f3n sobre h\u00e1bitos de navegaci\u00f3n para mejorar el servicio prestado por Natalideas y que pueden ser utilizadas por terceras partes para personalizar publicidad.En cumplimiento con lo dispuesto en el art\u00edculo 22.2 de la Ley 34\/2002, de 11 de julio, de\u2026","rel":"","context":"Similar post","block_context":{"text":"Similar post","link":""},"img":{"alt_text":"","src":"https:\/\/i0.wp.com\/marcostejedor.com\/wp-content\/uploads\/2026\/02\/cropped-cropped-favicon512.png?fit=512%2C512&ssl=1&resize=350%2C200","width":350,"height":200},"classes":[]},{"id":2448,"url":"https:\/\/marcostejedor.com\/en\/politica-de-privacidad\/","url_meta":{"origin":2399,"position":2},"title":"Pol\u00edtica de privacidad","author":"marcostejedorartwork","date":"22 de February de 2026","format":false,"excerpt":"Esta Pol\u00edtica de Privacidad describe c\u00f3mo se recopila, utiliza y comparte tu informaci\u00f3n personal cuando visitas o realizas una compra en marcostejedor.com. Qu\u00e9 informaci\u00f3n personal recopilamos\u00a0 Cuando visitas el Sitio, recopilamos autom\u00e1ticamente cierta informaci\u00f3n sobre tu dispositivo, incluida informaci\u00f3n sobre tu navegador web, direcci\u00f3n IP, zona horaria y algunas de\u2026","rel":"","context":"Similar post","block_context":{"text":"Similar post","link":""},"img":{"alt_text":"","src":"https:\/\/i0.wp.com\/marcostejedor.com\/wp-content\/uploads\/2026\/02\/cropped-cropped-favicon512.png?fit=512%2C512&ssl=1&resize=350%2C200","width":350,"height":200},"classes":[]},{"id":688,"url":"https:\/\/marcostejedor.com\/en\/skills\/","url_meta":{"origin":2399,"position":3},"title":"PORTRAITS 2024\/25","author":"marcostejedorartwork","date":"14 de February de 2026","format":false,"excerpt":"Marcos Tejedor rinde aqu\u00ed un emotivo y sincero homenaje a iconos populares contempor\u00e1neos y del siglo XX. Figuras que han marcado la cultura de varias generaciones, interpretados a trav\u00e9s de un lenguaje pl\u00e1stico vibrante, donde el color fragmenta y reconstruye la identidad.Cada obra no busca la copia fiel, sino la\u2026","rel":"","context":"Similar post","block_context":{"text":"Similar post","link":""},"img":{"alt_text":"MARCOS TEJEDOR ARTE CONTEMPOR\u00c1NEO RETRATOS","src":"https:\/\/i0.wp.com\/marcostejedor.com\/wp-content\/uploads\/2026\/02\/PREVISUALIZACION.png?fit=500%2C492&ssl=1&resize=350%2C200","width":350,"height":200},"classes":[]},{"id":696,"url":"https:\/\/marcostejedor.com\/en\/experience\/","url_meta":{"origin":2399,"position":4},"title":"BIOGRAPHY","author":"marcostejedorartwork","date":"14 de February de 2026","format":false,"excerpt":"Marcos Tejedor (Le\u00f3n, Espa\u00f1a, 1983) es un pintor, ilustrador, fot\u00f3grafo y dise\u00f1ador gr\u00e1fico conectado con el lado m\u00e1s profundo de la condici\u00f3n humana. Su t\u00e9cnica, siempre impecable, se despliega sin excepci\u00f3n al servicio de una mirada que no olvida que al otro lado de la fuerza de un rostro suele\u2026","rel":"","context":"Similar post","block_context":{"text":"Similar post","link":""},"img":{"alt_text":"MARCOS TEJEDOR ARTE CONTEMPOR\u00c1NEO RETRATOS","src":"https:\/\/i0.wp.com\/marcostejedor.com\/wp-content\/uploads\/2026\/02\/PREVISUALIZACION.png?fit=500%2C492&ssl=1&resize=350%2C200","width":350,"height":200},"classes":[]},{"id":704,"url":"https:\/\/marcostejedor.com\/en\/","url_meta":{"origin":2399,"position":5},"title":"HOME","author":"marcostejedorartwork","date":"14 de February de 2026","format":false,"excerpt":"Marcos Tejedor ArtWork","rel":"","context":"Similar post","block_context":{"text":"Similar post","link":""},"img":{"alt_text":"MARCOS TEJEDOR ARTE CONTEMPOR\u00c1NEO RETRATOS","src":"https:\/\/i0.wp.com\/marcostejedor.com\/wp-content\/uploads\/2026\/02\/PREVISUALIZACION.png?fit=500%2C492&ssl=1&resize=350%2C200","width":350,"height":200},"classes":[]}],"_links":{"self":[{"href":"https:\/\/marcostejedor.com\/en\/wp-json\/wp\/v2\/pages\/2399","targetHints":{"allow":["GET"]}}],"collection":[{"href":"https:\/\/marcostejedor.com\/en\/wp-json\/wp\/v2\/pages"}],"about":[{"href":"https:\/\/marcostejedor.com\/en\/wp-json\/wp\/v2\/types\/page"}],"author":[{"embeddable":true,"href":"https:\/\/marcostejedor.com\/en\/wp-json\/wp\/v2\/users\/277266443"}],"replies":[{"embeddable":true,"href":"https:\/\/marcostejedor.com\/en\/wp-json\/wp\/v2\/comments?post=2399"}],"version-history":[{"count":45,"href":"https:\/\/marcostejedor.com\/en\/wp-json\/wp\/v2\/pages\/2399\/revisions"}],"predecessor-version":[{"id":2712,"href":"https:\/\/marcostejedor.com\/en\/wp-json\/wp\/v2\/pages\/2399\/revisions\/2712"}],"wp:featuredmedia":[{"embeddable":true,"href":"https:\/\/marcostejedor.com\/en\/wp-json\/wp\/v2\/media\/2394"}],"wp:attachment":[{"href":"https:\/\/marcostejedor.com\/en\/wp-json\/wp\/v2\/media?parent=2399"}],"curies":[{"name":"wp","href":"https:\/\/api.w.org\/{rel}","templated":true}]}}